{"id":856,"date":"2021-11-28T20:25:00","date_gmt":"2021-11-28T19:25:00","guid":{"rendered":"http:\/\/tcbuxerolles.fr\/?page_id=856"},"modified":"2024-10-20T09:52:24","modified_gmt":"2024-10-20T07:52:24","slug":"equipe-pedagogique-2","status":"publish","type":"page","link":"http:\/\/tcbuxerolles.fr\/index.php\/presentation\/equipe-pedagogique-2\/","title":{"rendered":"Equipe p\u00e9dagogique"},"content":{"rendered":"\n<div class=\"wp-block-media-text alignwide is-stacked-on-mobile has-medium-gray-background-color has-background\" id=\"arnaud-raison\"><figure class=\"wp-block-media-text__media\"><img data-recalc-dims=\"1\" loading=\"lazy\" decoding=\"async\" width=\"400\" height=\"358\" src=\"https:\/\/i0.wp.com\/tcbuxerolles.fr\/wp-content\/uploads\/2021\/11\/Arnaud-Raison.jpg?resize=400%2C358\" alt=\"\" class=\"wp-image-861 size-full\" srcset=\"https:\/\/i0.wp.com\/tcbuxerolles.fr\/wp-content\/uploads\/2021\/11\/Arnaud-Raison.jpg?w=400 400w, https:\/\/i0.wp.com\/tcbuxerolles.fr\/wp-content\/uploads\/2021\/11\/Arnaud-Raison.jpg?resize=300%2C269 300w\" sizes=\"auto, (max-width: 400px) 100vw, 400px\" \/><\/figure><div class=\"wp-block-media-text__content\">\n<h1 class=\"wp-block-heading has-text-align-center has-text-color has-huge-font-size\" id=\"arnaud-raison\" style=\"color:#ffb303\"><strong>ARNAUD RAISON<\/strong><\/h1>\n\n\n\n<p>Arnaud RAISON est l&rsquo;entra\u00eeneur principal du TCB depuis 2013. Il donne des cours de tennis depuis 2007 et il a exerc\u00e9 auparavant aux tennis clubs de Saint-Benoit, Montamis\u00e9 et Belleville sur Vie. Arnaud entra\u00eene pour tous les publics : baby tennis, enfants, seniors, para tennis\u2026 Il organise et met en place tous les tournois du club. Il est DES (dipl\u00f4me d&rsquo;\u00e9tat sup\u00e9rieur) depuis 2022.<\/p>\n<\/div><\/div>\n\n\n\n<div class=\"wp-block-columns is-layout-flex wp-container-core-columns-is-layout-9d6595d7 wp-block-columns-is-layout-flex\">\n<div class=\"wp-block-column is-layout-flow wp-block-column-is-layout-flow\"><\/div>\n<\/div>\n\n\n\n<div class=\"wp-block-media-text alignwide is-stacked-on-mobile has-medium-gray-background-color has-background\" id=\"abel-moulin\"><figure class=\"wp-block-media-text__media\"><img data-recalc-dims=\"1\" loading=\"lazy\" decoding=\"async\" width=\"512\" height=\"682\" src=\"https:\/\/i0.wp.com\/tcbuxerolles.fr\/wp-content\/uploads\/2023\/12\/Abel-Moulin-ok.jpg?resize=512%2C682&#038;ssl=1\" alt=\"\" class=\"wp-image-1566 size-full\" srcset=\"https:\/\/i0.wp.com\/tcbuxerolles.fr\/wp-content\/uploads\/2023\/12\/Abel-Moulin-ok.jpg?w=512 512w, https:\/\/i0.wp.com\/tcbuxerolles.fr\/wp-content\/uploads\/2023\/12\/Abel-Moulin-ok.jpg?resize=225%2C300 225w\" sizes=\"auto, (max-width: 512px) 100vw, 512px\" \/><\/figure><div class=\"wp-block-media-text__content\">\n<h1 class=\"wp-block-heading has-text-align-center has-text-color\" id=\"abel-moulin\" style=\"color:#f7ff05\">ABEL MOULIN<\/h1>\n\n\n\n<p>Abel Moulin est arriv\u00e9 au TCB en Septembre 2022 en tant qu&rsquo;apprentis, il a valid\u00e9 son DEJEPS en Juin 2023. Depuis Septembre 2023, il est entraineur titulaire au sein du club. Il encadre tous publics de tous niveaux, en passant par le loisir, la comp\u00e9tition ou encore le perfectionnement. Il organise \u00e9galement certains TMC. Anciennement class\u00e9 1\/6, il est aussi investi en tant que joueur et fait partis de l&rsquo;\u00e9quipe 1 en comp\u00e9tition.<\/p>\n<\/div><\/div>\n\n\n\n<div class=\"wp-block-columns is-layout-flex wp-container-core-columns-is-layout-9d6595d7 wp-block-columns-is-layout-flex\">\n<div class=\"wp-block-column is-layout-flow wp-block-column-is-layout-flow\"><\/div>\n<\/div>\n\n\n\n<div class=\"wp-block-media-text alignwide is-stacked-on-mobile has-medium-gray-background-color has-background\" id=\"xavier-gasq\"><figure class=\"wp-block-media-text__media\"><img data-recalc-dims=\"1\" loading=\"lazy\" decoding=\"async\" width=\"400\" height=\"369\" src=\"https:\/\/i0.wp.com\/tcbuxerolles.fr\/wp-content\/uploads\/2021\/11\/Xavier-Gasq.jpg?resize=400%2C369\" alt=\"\" class=\"wp-image-864 size-full\" srcset=\"https:\/\/i0.wp.com\/tcbuxerolles.fr\/wp-content\/uploads\/2021\/11\/Xavier-Gasq.jpg?w=400 400w, https:\/\/i0.wp.com\/tcbuxerolles.fr\/wp-content\/uploads\/2021\/11\/Xavier-Gasq.jpg?resize=300%2C277 300w\" sizes=\"auto, (max-width: 400px) 100vw, 400px\" \/><\/figure><div class=\"wp-block-media-text__content\">\n<h1 class=\"wp-block-heading has-text-align-center has-text-color\" id=\"xavier-gasq\" style=\"color:#ffb303\"><strong>XAVIER GASQ<\/strong><\/h1>\n\n\n\n<p>Xavier GASQ est arriv\u00e9 au Club en Septembre 2016 comme Assistant Moniteur de Tennis. Pendant ces ann\u00e9es sportives, il a encadr\u00e9 aussi bien des jeunes que des adultes de tous niveaux : du loisir, perfectionnement \u00e0 la comp\u00e9tition. Aujourd&rsquo;hui il encadre \u00e9galement la section Padel.<\/p>\n<\/div><\/div>\n\n\n\n<div class=\"wp-block-columns is-layout-flex wp-container-core-columns-is-layout-9d6595d7 wp-block-columns-is-layout-flex\">\n<div class=\"wp-block-column is-layout-flow wp-block-column-is-layout-flow\"><\/div>\n<\/div>\n\n\n\n<div class=\"wp-block-media-text alignwide is-stacked-on-mobile has-medium-gray-background-color has-background\" id=\"jean-pierre-michotte\"><figure class=\"wp-block-media-text__media\"><img data-recalc-dims=\"1\" loading=\"lazy\" decoding=\"async\" width=\"400\" height=\"340\" src=\"https:\/\/i0.wp.com\/tcbuxerolles.fr\/wp-content\/uploads\/2021\/11\/Jean-Pierre-Michotte.jpg?resize=400%2C340\" alt=\"\" class=\"wp-image-865 size-full\" srcset=\"https:\/\/i0.wp.com\/tcbuxerolles.fr\/wp-content\/uploads\/2021\/11\/Jean-Pierre-Michotte.jpg?w=400 400w, https:\/\/i0.wp.com\/tcbuxerolles.fr\/wp-content\/uploads\/2021\/11\/Jean-Pierre-Michotte.jpg?resize=300%2C255 300w\" sizes=\"auto, (max-width: 400px) 100vw, 400px\" \/><\/figure><div class=\"wp-block-media-text__content\">\n<h1 class=\"wp-block-heading has-text-align-center has-text-color\" id=\"jean-pierre-michotte\" style=\"color:#f7ff05\"><strong>JEAN-PIERRE MICHOTTE<\/strong><\/h1>\n\n\n\n<p>Jean-Pierre est au TCB depuis 2011 et en est \u00e0 sa troisi\u00e8me ann\u00e9e d&rsquo;enseignement dont une en tant qu&rsquo;initiateur. Il entra\u00eene les jeunes, notamment le samedi matin, et s&rsquo;occupe des TMC organis\u00e9s par le club. Cette ann\u00e9e, en 2024-2025, il encadre la nouvelle offre Pickball.<\/p>\n<\/div><\/div>\n\n\n\n<div class=\"wp-block-columns is-layout-flex wp-container-core-columns-is-layout-9d6595d7 wp-block-columns-is-layout-flex\">\n<div class=\"wp-block-column is-layout-flow wp-block-column-is-layout-flow\"><\/div>\n<\/div>\n\n\n\n<div class=\"wp-block-media-text alignwide is-stacked-on-mobile has-medium-gray-background-color has-background\"><figure class=\"wp-block-media-text__media\"><img data-recalc-dims=\"1\" loading=\"lazy\" decoding=\"async\" width=\"512\" height=\"424\" src=\"https:\/\/i0.wp.com\/tcbuxerolles.fr\/wp-content\/uploads\/2021\/11\/Logo-TCB-e1637708983510.png?resize=512%2C424&#038;ssl=1\" alt=\"\" class=\"wp-image-707 size-full\"\/><\/figure><div class=\"wp-block-media-text__content\">\n<h1 class=\"wp-block-heading has-text-align-center has-text-color\" id=\"maxence-denize\" style=\"color:#ffb303\"><strong>MAXENCE<\/strong> DENIZE<\/h1>\n\n\n\n<p>Maxence Denize est au TCB depuis 2021, simple comp\u00e9titeur a son arriv\u00e9. Il est dipl\u00f4m\u00e9 en 2023 de la formation CQP, il encadre les cours adultes et enfants en collaboration avec Abel Moulin. Il encadre \u00e9galement le cours parents\/enfants le samedi matin.<\/p>\n<\/div><\/div>\n\n\n\n<div class=\"wp-block-columns is-layout-flex wp-container-core-columns-is-layout-9d6595d7 wp-block-columns-is-layout-flex\">\n<div class=\"wp-block-column is-layout-flow wp-block-column-is-layout-flow\"><\/div>\n<\/div>\n","protected":false},"excerpt":{"rendered":"<p>ARNAUD RAISON Arnaud RAISON est l&rsquo;entra\u00eeneur principal du TCB depuis 2013. Il donne des cours de tennis depuis 2007 et <a class=\"more-link\" href=\"http:\/\/tcbuxerolles.fr\/index.php\/presentation\/equipe-pedagogique-2\/\">Continuer la lecture <span class=\"screen-reader-text\">  Equipe p\u00e9dagogique<\/span><span class=\"meta-nav\">&rarr;<\/span><\/a> <a class=\"more-link\" href=\"http:\/\/tcbuxerolles.fr\/index.php\/presentation\/equipe-pedagogique-2\/\">Continuer la lecture <span class=\"screen-reader-text\">  Equipe p\u00e9dagogique<\/span><span class=\"meta-nav\">&rarr;<\/span><\/a><\/p>\n","protected":false},"author":1,"featured_media":0,"parent":692,"menu_order":2,"comment_status":"closed","ping_status":"closed","template":"page-fullwidth.php","meta":{"footnotes":""},"class_list":["post-856","page","type-page","status-publish","hentry"],"yoast_head":"<!-- This site is optimized with the Yoast SEO plugin v27.5 - https:\/\/yoast.com\/product\/yoast-seo-wordpress\/ -->\n<title>Equipe p\u00e9dagogique - Tennis Club Buxerolles<\/title>\n<meta name=\"robots\" content=\"index, follow, max-snippet:-1, max-image-preview:large, max-video-preview:-1\" \/>\n<link rel=\"canonical\" href=\"http:\/\/tcbuxerolles.fr\/index.php\/presentation\/equipe-pedagogique-2\/\" \/>\n<meta property=\"og:locale\" content=\"fr_FR\" \/>\n<meta property=\"og:type\" content=\"article\" \/>\n<meta property=\"og:title\" content=\"Equipe p\u00e9dagogique - Tennis Club Buxerolles\" \/>\n<meta property=\"og:description\" content=\"ARNAUD RAISON Arnaud RAISON est l&rsquo;entra\u00eeneur principal du TCB depuis 2013. Il donne des cours de tennis depuis 2007 et Continuer la lecture  Equipe p\u00e9dagogique&rarr; Continuer la lecture  Equipe p\u00e9dagogique&rarr;\" \/>\n<meta property=\"og:url\" content=\"http:\/\/tcbuxerolles.fr\/index.php\/presentation\/equipe-pedagogique-2\/\" \/>\n<meta property=\"og:site_name\" content=\"Tennis Club Buxerolles\" \/>\n<meta property=\"article:publisher\" content=\"https:\/\/www.facebook.com\/tennis.buxerolles\/\" \/>\n<meta property=\"article:modified_time\" content=\"2024-10-20T07:52:24+00:00\" \/>\n<meta property=\"og:image\" content=\"http:\/\/tcbuxerolles.fr\/wp-content\/uploads\/2021\/11\/Arnaud-Raison.jpg\" \/>\n<meta name=\"twitter:label1\" content=\"Dur\u00e9e de lecture estim\u00e9e\" \/>\n\t<meta name=\"twitter:data1\" content=\"3 minutes\" \/>\n<script type=\"application\/ld+json\" class=\"yoast-schema-graph\">{\"@context\":\"https:\\\/\\\/schema.org\",\"@graph\":[{\"@type\":\"WebPage\",\"@id\":\"http:\\\/\\\/tcbuxerolles.fr\\\/index.php\\\/presentation\\\/equipe-pedagogique-2\\\/\",\"url\":\"http:\\\/\\\/tcbuxerolles.fr\\\/index.php\\\/presentation\\\/equipe-pedagogique-2\\\/\",\"name\":\"Equipe p\u00e9dagogique - Tennis Club Buxerolles\",\"isPartOf\":{\"@id\":\"https:\\\/\\\/tcbuxerolles.fr\\\/#website\"},\"primaryImageOfPage\":{\"@id\":\"http:\\\/\\\/tcbuxerolles.fr\\\/index.php\\\/presentation\\\/equipe-pedagogique-2\\\/#primaryimage\"},\"image\":{\"@id\":\"http:\\\/\\\/tcbuxerolles.fr\\\/index.php\\\/presentation\\\/equipe-pedagogique-2\\\/#primaryimage\"},\"thumbnailUrl\":\"http:\\\/\\\/tcbuxerolles.fr\\\/wp-content\\\/uploads\\\/2021\\\/11\\\/Arnaud-Raison.jpg\",\"datePublished\":\"2021-11-28T19:25:00+00:00\",\"dateModified\":\"2024-10-20T07:52:24+00:00\",\"breadcrumb\":{\"@id\":\"http:\\\/\\\/tcbuxerolles.fr\\\/index.php\\\/presentation\\\/equipe-pedagogique-2\\\/#breadcrumb\"},\"inLanguage\":\"fr-FR\",\"potentialAction\":[{\"@type\":\"ReadAction\",\"target\":[\"http:\\\/\\\/tcbuxerolles.fr\\\/index.php\\\/presentation\\\/equipe-pedagogique-2\\\/\"]}]},{\"@type\":\"ImageObject\",\"inLanguage\":\"fr-FR\",\"@id\":\"http:\\\/\\\/tcbuxerolles.fr\\\/index.php\\\/presentation\\\/equipe-pedagogique-2\\\/#primaryimage\",\"url\":\"https:\\\/\\\/i0.wp.com\\\/tcbuxerolles.fr\\\/wp-content\\\/uploads\\\/2021\\\/11\\\/Arnaud-Raison.jpg?fit=400%2C358\",\"contentUrl\":\"https:\\\/\\\/i0.wp.com\\\/tcbuxerolles.fr\\\/wp-content\\\/uploads\\\/2021\\\/11\\\/Arnaud-Raison.jpg?fit=400%2C358\",\"width\":400,\"height\":358},{\"@type\":\"BreadcrumbList\",\"@id\":\"http:\\\/\\\/tcbuxerolles.fr\\\/index.php\\\/presentation\\\/equipe-pedagogique-2\\\/#breadcrumb\",\"itemListElement\":[{\"@type\":\"ListItem\",\"position\":1,\"name\":\"Accueil\",\"item\":\"https:\\\/\\\/tcbuxerolles.fr\\\/\"},{\"@type\":\"ListItem\",\"position\":2,\"name\":\"Pr\u00e9sentation\",\"item\":\"https:\\\/\\\/tcbuxerolles.fr\\\/index.php\\\/presentation\\\/\"},{\"@type\":\"ListItem\",\"position\":3,\"name\":\"Equipe p\u00e9dagogique\"}]},{\"@type\":\"WebSite\",\"@id\":\"https:\\\/\\\/tcbuxerolles.fr\\\/#website\",\"url\":\"https:\\\/\\\/tcbuxerolles.fr\\\/\",\"name\":\"Tennis Club Buxerolles\",\"description\":\"Le tennis par excellence\",\"publisher\":{\"@id\":\"https:\\\/\\\/tcbuxerolles.fr\\\/#organization\"},\"potentialAction\":[{\"@type\":\"SearchAction\",\"target\":{\"@type\":\"EntryPoint\",\"urlTemplate\":\"https:\\\/\\\/tcbuxerolles.fr\\\/?s={search_term_string}\"},\"query-input\":{\"@type\":\"PropertyValueSpecification\",\"valueRequired\":true,\"valueName\":\"search_term_string\"}}],\"inLanguage\":\"fr-FR\"},{\"@type\":\"Organization\",\"@id\":\"https:\\\/\\\/tcbuxerolles.fr\\\/#organization\",\"name\":\"tcbuxerolles\",\"url\":\"https:\\\/\\\/tcbuxerolles.fr\\\/\",\"logo\":{\"@type\":\"ImageObject\",\"inLanguage\":\"fr-FR\",\"@id\":\"https:\\\/\\\/tcbuxerolles.fr\\\/#\\\/schema\\\/logo\\\/image\\\/\",\"url\":\"https:\\\/\\\/i0.wp.com\\\/tcbuxerolles.fr\\\/wp-content\\\/uploads\\\/2021\\\/11\\\/Logo-TCB-e1637708983510.png?fit=512%2C424&ssl=1\",\"contentUrl\":\"https:\\\/\\\/i0.wp.com\\\/tcbuxerolles.fr\\\/wp-content\\\/uploads\\\/2021\\\/11\\\/Logo-TCB-e1637708983510.png?fit=512%2C424&ssl=1\",\"width\":512,\"height\":424,\"caption\":\"tcbuxerolles\"},\"image\":{\"@id\":\"https:\\\/\\\/tcbuxerolles.fr\\\/#\\\/schema\\\/logo\\\/image\\\/\"},\"sameAs\":[\"https:\\\/\\\/www.facebook.com\\\/tennis.buxerolles\\\/\",\"https:\\\/\\\/www.instagram.com\\\/tennis_club_buxerolles\\\/?utm_medium=copy_link\"]}]}<\/script>\n<!-- \/ Yoast SEO plugin. -->","yoast_head_json":{"title":"Equipe p\u00e9dagogique - Tennis Club Buxerolles","robots":{"index":"index","follow":"follow","max-snippet":"max-snippet:-1","max-image-preview":"max-image-preview:large","max-video-preview":"max-video-preview:-1"},"canonical":"http:\/\/tcbuxerolles.fr\/index.php\/presentation\/equipe-pedagogique-2\/","og_locale":"fr_FR","og_type":"article","og_title":"Equipe p\u00e9dagogique - Tennis Club Buxerolles","og_description":"ARNAUD RAISON Arnaud RAISON est l&rsquo;entra\u00eeneur principal du TCB depuis 2013. Il donne des cours de tennis depuis 2007 et Continuer la lecture  Equipe p\u00e9dagogique&rarr; Continuer la lecture  Equipe p\u00e9dagogique&rarr;","og_url":"http:\/\/tcbuxerolles.fr\/index.php\/presentation\/equipe-pedagogique-2\/","og_site_name":"Tennis Club Buxerolles","article_publisher":"https:\/\/www.facebook.com\/tennis.buxerolles\/","article_modified_time":"2024-10-20T07:52:24+00:00","og_image":[{"url":"http:\/\/tcbuxerolles.fr\/wp-content\/uploads\/2021\/11\/Arnaud-Raison.jpg","type":"","width":"","height":""}],"twitter_misc":{"Dur\u00e9e de lecture estim\u00e9e":"3 minutes"},"schema":{"@context":"https:\/\/schema.org","@graph":[{"@type":"WebPage","@id":"http:\/\/tcbuxerolles.fr\/index.php\/presentation\/equipe-pedagogique-2\/","url":"http:\/\/tcbuxerolles.fr\/index.php\/presentation\/equipe-pedagogique-2\/","name":"Equipe p\u00e9dagogique - Tennis Club Buxerolles","isPartOf":{"@id":"https:\/\/tcbuxerolles.fr\/#website"},"primaryImageOfPage":{"@id":"http:\/\/tcbuxerolles.fr\/index.php\/presentation\/equipe-pedagogique-2\/#primaryimage"},"image":{"@id":"http:\/\/tcbuxerolles.fr\/index.php\/presentation\/equipe-pedagogique-2\/#primaryimage"},"thumbnailUrl":"http:\/\/tcbuxerolles.fr\/wp-content\/uploads\/2021\/11\/Arnaud-Raison.jpg","datePublished":"2021-11-28T19:25:00+00:00","dateModified":"2024-10-20T07:52:24+00:00","breadcrumb":{"@id":"http:\/\/tcbuxerolles.fr\/index.php\/presentation\/equipe-pedagogique-2\/#breadcrumb"},"inLanguage":"fr-FR","potentialAction":[{"@type":"ReadAction","target":["http:\/\/tcbuxerolles.fr\/index.php\/presentation\/equipe-pedagogique-2\/"]}]},{"@type":"ImageObject","inLanguage":"fr-FR","@id":"http:\/\/tcbuxerolles.fr\/index.php\/presentation\/equipe-pedagogique-2\/#primaryimage","url":"https:\/\/i0.wp.com\/tcbuxerolles.fr\/wp-content\/uploads\/2021\/11\/Arnaud-Raison.jpg?fit=400%2C358","contentUrl":"https:\/\/i0.wp.com\/tcbuxerolles.fr\/wp-content\/uploads\/2021\/11\/Arnaud-Raison.jpg?fit=400%2C358","width":400,"height":358},{"@type":"BreadcrumbList","@id":"http:\/\/tcbuxerolles.fr\/index.php\/presentation\/equipe-pedagogique-2\/#breadcrumb","itemListElement":[{"@type":"ListItem","position":1,"name":"Accueil","item":"https:\/\/tcbuxerolles.fr\/"},{"@type":"ListItem","position":2,"name":"Pr\u00e9sentation","item":"https:\/\/tcbuxerolles.fr\/index.php\/presentation\/"},{"@type":"ListItem","position":3,"name":"Equipe p\u00e9dagogique"}]},{"@type":"WebSite","@id":"https:\/\/tcbuxerolles.fr\/#website","url":"https:\/\/tcbuxerolles.fr\/","name":"Tennis Club Buxerolles","description":"Le tennis par excellence","publisher":{"@id":"https:\/\/tcbuxerolles.fr\/#organization"},"potentialAction":[{"@type":"SearchAction","target":{"@type":"EntryPoint","urlTemplate":"https:\/\/tcbuxerolles.fr\/?s={search_term_string}"},"query-input":{"@type":"PropertyValueSpecification","valueRequired":true,"valueName":"search_term_string"}}],"inLanguage":"fr-FR"},{"@type":"Organization","@id":"https:\/\/tcbuxerolles.fr\/#organization","name":"tcbuxerolles","url":"https:\/\/tcbuxerolles.fr\/","logo":{"@type":"ImageObject","inLanguage":"fr-FR","@id":"https:\/\/tcbuxerolles.fr\/#\/schema\/logo\/image\/","url":"https:\/\/i0.wp.com\/tcbuxerolles.fr\/wp-content\/uploads\/2021\/11\/Logo-TCB-e1637708983510.png?fit=512%2C424&ssl=1","contentUrl":"https:\/\/i0.wp.com\/tcbuxerolles.fr\/wp-content\/uploads\/2021\/11\/Logo-TCB-e1637708983510.png?fit=512%2C424&ssl=1","width":512,"height":424,"caption":"tcbuxerolles"},"image":{"@id":"https:\/\/tcbuxerolles.fr\/#\/schema\/logo\/image\/"},"sameAs":["https:\/\/www.facebook.com\/tennis.buxerolles\/","https:\/\/www.instagram.com\/tennis_club_buxerolles\/?utm_medium=copy_link"]}]}},"jetpack_sharing_enabled":true,"_links":{"self":[{"href":"http:\/\/tcbuxerolles.fr\/index.php\/wp-json\/wp\/v2\/pages\/856","targetHints":{"allow":["GET"]}}],"collection":[{"href":"http:\/\/tcbuxerolles.fr\/index.php\/wp-json\/wp\/v2\/pages"}],"about":[{"href":"http:\/\/tcbuxerolles.fr\/index.php\/wp-json\/wp\/v2\/types\/page"}],"author":[{"embeddable":true,"href":"http:\/\/tcbuxerolles.fr\/index.php\/wp-json\/wp\/v2\/users\/1"}],"replies":[{"embeddable":true,"href":"http:\/\/tcbuxerolles.fr\/index.php\/wp-json\/wp\/v2\/comments?post=856"}],"version-history":[{"count":31,"href":"http:\/\/tcbuxerolles.fr\/index.php\/wp-json\/wp\/v2\/pages\/856\/revisions"}],"predecessor-version":[{"id":1677,"href":"http:\/\/tcbuxerolles.fr\/index.php\/wp-json\/wp\/v2\/pages\/856\/revisions\/1677"}],"up":[{"embeddable":true,"href":"http:\/\/tcbuxerolles.fr\/index.php\/wp-json\/wp\/v2\/pages\/692"}],"wp:attachment":[{"href":"http:\/\/tcbuxerolles.fr\/index.php\/wp-json\/wp\/v2\/media?parent=856"}],"curies":[{"name":"wp","href":"https:\/\/api.w.org\/{rel}","templated":true}]}}